{"id":98,"date":"2024-05-18T00:04:05","date_gmt":"2024-05-17T22:04:05","guid":{"rendered":"https:\/\/personalparking.es\/?post_type=parking&#038;p=98"},"modified":"2025-07-16T08:09:51","modified_gmt":"2025-07-16T06:09:51","slug":"malaga-airport-exterior","status":"publish","type":"parking","link":"https:\/\/personalparking.es\/fr\/booking\/malaga-airport-exterior\/","title":{"rendered":"Parking Personnel A\u00e9roport de Malaga \u2013 Parking Ext\u00e9rieur"},"content":{"rendered":"<p>Chez Personal Parking M\u00e1laga, nous vous proposons un parking de premi\u00e8re classe con\u00e7u pour que votre voyage commence sans complications. Strat\u00e9giquement situ\u00e9 \u00e0 proximit\u00e9 de l&#039;a\u00e9roport de M\u00e1laga-Costa del Sol, pratique pour vos besoins de voyage. Ouvert 24h\/24 et 7j\/7, sachant que notre \u00e9quipe sera toujours disponible pour vous assister.<\/p>\n\n\n\n<p>Notre service de voiturier vous garantit une exp\u00e9rience sans stress d\u00e8s votre arriv\u00e9e. Nous r\u00e9cup\u00e9rons votre voiture \u00e0 l&#039;a\u00e9roport et la garons dans notre parking ext\u00e9rieur, pour que vous n&#039;ayez \u00e0 vous soucier de rien. Les espaces sont spacieux et nous disposons d&#039;options pour Personnes \u00e0 Mobilit\u00e9 R\u00e9duite (PMR), garantissant ainsi votre confort. La s\u00e9curit\u00e9 est une priorit\u00e9 pour nous ; C&#039;est pour cette raison que nous disposons de syst\u00e8mes de vid\u00e9osurveillance avanc\u00e9s et d&#039;un service de conciergerie d\u00e9di\u00e9, garantissant que votre v\u00e9hicule est toujours prot\u00e9g\u00e9.<\/p>\n\n\n\n<p>De plus, nous disposons d&#039;un service de voiturier pour votre totale commodit\u00e9. Notre \u00e9quipe sera pr\u00eate \u00e0 recevoir votre v\u00e9hicule \u00e0 l&#039;entr\u00e9e du parking et s&#039;occupera de le garer pour vous, vous assurant une exp\u00e9rience sans tracas d\u00e8s votre arriv\u00e9e.<\/p>\n\n\n\n<p><strong>Informaci\u00f3n importante sobre las reservas<\/strong>:<\/p>\n\n\n\n<ul class=\"wp-block-list\">\n<li>Las reservas solo se pueden realizar a partir de las <strong>4:00 a.m.<\/strong>. El sistema no permite reservas entre las <strong>00:00 h y las 3:45 h<\/strong>, por lo que te recomendamos planificar tu llegada a partir de ese horario.<\/li>\n\n\n\n<li>Para garantizar una correcta gesti\u00f3n, las reservas deben realizarse con <strong>al menos 6 horas de antelaci\u00f3n<\/strong>.<\/li>\n\n\n\n<li>Las reservas efectuadas <strong>con menos de 24 horas de antelaci\u00f3n<\/strong> <strong>no cuentan con descuento<\/strong>. Este mensaje aparecer\u00e1 antes de que completes tu reserva.<\/li>\n\n\n\n<li>Las reservas <strong>entre las 4:00 a.m. y las 7:00 a.m.<\/strong> tampoco incluyen descuento, independientemente de la antelaci\u00f3n con la que se realicen.<\/li>\n\n\n\n<li>Entre el <strong>18 de junio y el 20 de septiembre<\/strong>, aplicaremos una <strong>tarifa especial de temporada alta<\/strong>. Fuera de ese per\u00edodo, se mantendr\u00e1n los precios habituales.<\/li>\n<\/ul>\n\n\n\n<p>Choisissez le parking de l&#039;a\u00e9roport de Malaga pour une exp\u00e9rience sans souci avant votre prochain vol. Nous prenons soin de votre v\u00e9hicule pour que vous n&#039;ayez \u00e0 vous soucier que de profiter de votre voyage !<\/p>\n\n\n\n<p><\/p>","protected":false},"featured_media":2240,"template":"","meta":{"site-sidebar-layout":"default","site-content-layout":"","ast-site-content-layout":"","site-content-style":"default","site-sidebar-style":"default","ast-global-header-display":"","ast-banner-title-visibility":"","ast-main-header-display":"","ast-hfb-above-header-display":"","ast-hfb-below-header-display":"","ast-hfb-mobile-header-display":"","site-post-title":"","ast-breadcrumbs-content":"","ast-featured-img":"","footer-sml-layout":"","theme-transparent-header-meta":"","adv-header-id-meta":"","stick-header-meta":"","header-above-stick-meta":"","header-main-stick-meta":"","header-below-stick-meta":"","astra-migrate-meta-layouts":"default","ast-page-background-enabled":"default","ast-page-background-meta":{"desktop":{"background-color":"var(--ast-global-color-4)","background-image":"","background-repeat":"repeat","background-position":"center center","background-size":"auto","background-attachment":"scroll","background-type":"","background-media":"","overlay-type":"","overlay-color":"","overlay-opacity":"","overlay-gradient":""},"tablet":{"background-color":"","background-image":"","background-repeat":"repeat","background-position":"center center","background-size":"auto","background-attachment":"scroll","background-type":"","background-media":"","overlay-type":"","overlay-color":"","overlay-opacity":"","overlay-gradient":""},"mobile":{"background-color":"","background-image":"","background-repeat":"repeat","background-position":"center center","background-size":"auto","background-attachment":"scroll","background-type":"","background-media":"","overlay-type":"","overlay-color":"","overlay-opacity":"","overlay-gradient":""}},"ast-content-background-meta":{"desktop":{"background-color":"var(--ast-global-color-5)","background-image":"","background-repeat":"repeat","background-position":"center center","background-size":"auto","background-attachment":"scroll","background-type":"","background-media":"","overlay-type":"","overlay-color":"","overlay-opacity":"","overlay-gradient":""},"tablet":{"background-color":"var(--ast-global-color-5)","background-image":"","background-repeat":"repeat","background-position":"center center","background-size":"auto","background-attachment":"scroll","background-type":"","background-media":"","overlay-type":"","overlay-color":"","overlay-opacity":"","overlay-gradient":""},"mobile":{"background-color":"var(--ast-global-color-5)","background-image":"","background-repeat":"repeat","background-position":"center center","background-size":"auto","background-attachment":"scroll","background-type":"","background-media":"","overlay-type":"","overlay-color":"","overlay-opacity":"","overlay-gradient":""}}},"class_list":["post-98","parking","type-parking","status-publish","has-post-thumbnail","hentry"],"acf":[],"yoast_head":"<!-- This site is optimized with the Yoast SEO plugin v22.8 - https:\/\/yoast.com\/wordpress\/plugins\/seo\/ -->\n<title>Personal Parking Malaga Airport - Parking Exterior - Parking en el aeropuerto de M\u00e1laga | Personal Parking<\/title>\n<meta name=\"robots\" content=\"index, follow, max-snippet:-1, max-image-preview:large, max-video-preview:-1\" \/>\n<link rel=\"canonical\" href=\"https:\/\/personalparking.es\/fr\/booking\/malaga-airport-exterior\/\" \/>\n<meta property=\"og:locale\" content=\"fr_FR\" \/>\n<meta property=\"og:type\" content=\"article\" \/>\n<meta property=\"og:title\" content=\"Personal Parking Malaga Airport - Parking Exterior - Parking en el aeropuerto de M\u00e1laga | Personal Parking\" \/>\n<meta property=\"og:description\" content=\"En Personal Parking M\u00e1laga, te ofrecemos un estacionamiento de primera clase dise\u00f1ado para que tu viaje comience sin complicaciones. Situado [&hellip;]\" \/>\n<meta property=\"og:url\" content=\"https:\/\/personalparking.es\/fr\/booking\/malaga-airport-exterior\/\" \/>\n<meta property=\"og:site_name\" content=\"Parking en el aeropuerto de M\u00e1laga | Personal Parking\" \/>\n<meta property=\"article:modified_time\" content=\"2025-07-16T06:09:51+00:00\" \/>\n<meta property=\"og:image\" content=\"https:\/\/personalparking.es\/wp-content\/uploads\/sites\/20\/2024\/05\/dest_spain_benalmadena_malaga_costa-del-sol_andalusia_shutterstock_610430612_universal_within-usage-period_25541.jpg\" \/>\n\t<meta property=\"og:image:width\" content=\"1920\" \/>\n\t<meta property=\"og:image:height\" content=\"1312\" \/>\n\t<meta property=\"og:image:type\" content=\"image\/jpeg\" \/>\n<meta name=\"twitter:card\" content=\"summary_large_image\" \/>\n<meta name=\"twitter:label1\" content=\"Dur\u00e9e de lecture estim\u00e9e\" \/>\n\t<meta name=\"twitter:data1\" content=\"2 minutes\" \/>\n<script type=\"application\/ld+json\" class=\"yoast-schema-graph\">{\"@context\":\"https:\/\/schema.org\",\"@graph\":[{\"@type\":\"WebPage\",\"@id\":\"https:\/\/personalparking.es\/booking\/malaga-airport-exterior\/\",\"url\":\"https:\/\/personalparking.es\/booking\/malaga-airport-exterior\/\",\"name\":\"Personal Parking Malaga Airport - Parking Exterior - Parking en el aeropuerto de M\u00e1laga | Personal Parking\",\"isPartOf\":{\"@id\":\"https:\/\/personalparking.es\/#website\"},\"primaryImageOfPage\":{\"@id\":\"https:\/\/personalparking.es\/booking\/malaga-airport-exterior\/#primaryimage\"},\"image\":{\"@id\":\"https:\/\/personalparking.es\/booking\/malaga-airport-exterior\/#primaryimage\"},\"thumbnailUrl\":\"https:\/\/personalparking.es\/wp-content\/uploads\/sites\/20\/2024\/05\/dest_spain_benalmadena_malaga_costa-del-sol_andalusia_shutterstock_610430612_universal_within-usage-period_25541.jpg\",\"datePublished\":\"2024-05-17T22:04:05+00:00\",\"dateModified\":\"2025-07-16T06:09:51+00:00\",\"breadcrumb\":{\"@id\":\"https:\/\/personalparking.es\/booking\/malaga-airport-exterior\/#breadcrumb\"},\"inLanguage\":\"fr-FR\",\"potentialAction\":[{\"@type\":\"ReadAction\",\"target\":[\"https:\/\/personalparking.es\/booking\/malaga-airport-exterior\/\"]}]},{\"@type\":\"ImageObject\",\"inLanguage\":\"fr-FR\",\"@id\":\"https:\/\/personalparking.es\/booking\/malaga-airport-exterior\/#primaryimage\",\"url\":\"https:\/\/personalparking.es\/wp-content\/uploads\/sites\/20\/2024\/05\/dest_spain_benalmadena_malaga_costa-del-sol_andalusia_shutterstock_610430612_universal_within-usage-period_25541.jpg\",\"contentUrl\":\"https:\/\/personalparking.es\/wp-content\/uploads\/sites\/20\/2024\/05\/dest_spain_benalmadena_malaga_costa-del-sol_andalusia_shutterstock_610430612_universal_within-usage-period_25541.jpg\",\"width\":1920,\"height\":1312},{\"@type\":\"BreadcrumbList\",\"@id\":\"https:\/\/personalparking.es\/booking\/malaga-airport-exterior\/#breadcrumb\",\"itemListElement\":[{\"@type\":\"ListItem\",\"position\":1,\"name\":\"Home\",\"item\":\"https:\/\/personalparking.es\/\"},{\"@type\":\"ListItem\",\"position\":2,\"name\":\"Personal Parking Malaga Airport &#8211; Parking Exterior\"}]},{\"@type\":\"WebSite\",\"@id\":\"https:\/\/personalparking.es\/#website\",\"url\":\"https:\/\/personalparking.es\/\",\"name\":\"Parking en el aeropuerto de M\u00e1laga | Personal Parking\",\"description\":\"\",\"potentialAction\":[{\"@type\":\"SearchAction\",\"target\":{\"@type\":\"EntryPoint\",\"urlTemplate\":\"https:\/\/personalparking.es\/?s={search_term_string}\"},\"query-input\":\"required name=search_term_string\"}],\"inLanguage\":\"fr-FR\"}]}<\/script>\n<!-- \/ Yoast SEO plugin. -->","yoast_head_json":{"title":"Personal Parking Malaga Airport - Parking Exterior - Parking en el aeropuerto de M\u00e1laga | Personal Parking","robots":{"index":"index","follow":"follow","max-snippet":"max-snippet:-1","max-image-preview":"max-image-preview:large","max-video-preview":"max-video-preview:-1"},"canonical":"https:\/\/personalparking.es\/fr\/booking\/malaga-airport-exterior\/","og_locale":"fr_FR","og_type":"article","og_title":"Personal Parking Malaga Airport - Parking Exterior - Parking en el aeropuerto de M\u00e1laga | Personal Parking","og_description":"En Personal Parking M\u00e1laga, te ofrecemos un estacionamiento de primera clase dise\u00f1ado para que tu viaje comience sin complicaciones. Situado [&hellip;]","og_url":"https:\/\/personalparking.es\/fr\/booking\/malaga-airport-exterior\/","og_site_name":"Parking en el aeropuerto de M\u00e1laga | Personal Parking","article_modified_time":"2025-07-16T06:09:51+00:00","og_image":[{"width":1920,"height":1312,"url":"https:\/\/personalparking.es\/wp-content\/uploads\/sites\/20\/2024\/05\/dest_spain_benalmadena_malaga_costa-del-sol_andalusia_shutterstock_610430612_universal_within-usage-period_25541.jpg","type":"image\/jpeg"}],"twitter_card":"summary_large_image","twitter_misc":{"Dur\u00e9e de lecture estim\u00e9e":"2 minutes"},"schema":{"@context":"https:\/\/schema.org","@graph":[{"@type":"WebPage","@id":"https:\/\/personalparking.es\/booking\/malaga-airport-exterior\/","url":"https:\/\/personalparking.es\/booking\/malaga-airport-exterior\/","name":"Personal Parking Malaga Airport - Parking Exterior - Parking en el aeropuerto de M\u00e1laga | Personal Parking","isPartOf":{"@id":"https:\/\/personalparking.es\/#website"},"primaryImageOfPage":{"@id":"https:\/\/personalparking.es\/booking\/malaga-airport-exterior\/#primaryimage"},"image":{"@id":"https:\/\/personalparking.es\/booking\/malaga-airport-exterior\/#primaryimage"},"thumbnailUrl":"https:\/\/personalparking.es\/wp-content\/uploads\/sites\/20\/2024\/05\/dest_spain_benalmadena_malaga_costa-del-sol_andalusia_shutterstock_610430612_universal_within-usage-period_25541.jpg","datePublished":"2024-05-17T22:04:05+00:00","dateModified":"2025-07-16T06:09:51+00:00","breadcrumb":{"@id":"https:\/\/personalparking.es\/booking\/malaga-airport-exterior\/#breadcrumb"},"inLanguage":"fr-FR","potentialAction":[{"@type":"ReadAction","target":["https:\/\/personalparking.es\/booking\/malaga-airport-exterior\/"]}]},{"@type":"ImageObject","inLanguage":"fr-FR","@id":"https:\/\/personalparking.es\/booking\/malaga-airport-exterior\/#primaryimage","url":"https:\/\/personalparking.es\/wp-content\/uploads\/sites\/20\/2024\/05\/dest_spain_benalmadena_malaga_costa-del-sol_andalusia_shutterstock_610430612_universal_within-usage-period_25541.jpg","contentUrl":"https:\/\/personalparking.es\/wp-content\/uploads\/sites\/20\/2024\/05\/dest_spain_benalmadena_malaga_costa-del-sol_andalusia_shutterstock_610430612_universal_within-usage-period_25541.jpg","width":1920,"height":1312},{"@type":"BreadcrumbList","@id":"https:\/\/personalparking.es\/booking\/malaga-airport-exterior\/#breadcrumb","itemListElement":[{"@type":"ListItem","position":1,"name":"Home","item":"https:\/\/personalparking.es\/"},{"@type":"ListItem","position":2,"name":"Personal Parking Malaga Airport &#8211; Parking Exterior"}]},{"@type":"WebSite","@id":"https:\/\/personalparking.es\/#website","url":"https:\/\/personalparking.es\/","name":"Parking en el aeropuerto de M\u00e1laga | Personal Parking","description":"","potentialAction":[{"@type":"SearchAction","target":{"@type":"EntryPoint","urlTemplate":"https:\/\/personalparking.es\/?s={search_term_string}"},"query-input":"required name=search_term_string"}],"inLanguage":"fr-FR"}]}},"_links":{"self":[{"href":"https:\/\/personalparking.es\/fr\/wp-json\/wp\/v2\/parking\/98","targetHints":{"allow":["GET"]}}],"collection":[{"href":"https:\/\/personalparking.es\/fr\/wp-json\/wp\/v2\/parking"}],"about":[{"href":"https:\/\/personalparking.es\/fr\/wp-json\/wp\/v2\/types\/parking"}],"wp:featuredmedia":[{"embeddable":true,"href":"https:\/\/personalparking.es\/fr\/wp-json\/wp\/v2\/media\/2240"}],"wp:attachment":[{"href":"https:\/\/personalparking.es\/fr\/wp-json\/wp\/v2\/media?parent=98"}],"curies":[{"name":"wp","href":"https:\/\/api.w.org\/{rel}","templated":true}]}}