{"id":1631,"date":"2024-06-02T22:58:30","date_gmt":"2024-06-02T20:58:30","guid":{"rendered":"https:\/\/personalparking.es\/?page_id=1631"},"modified":"2025-06-10T11:08:36","modified_gmt":"2025-06-10T09:08:36","slug":"home","status":"publish","type":"page","link":"https:\/\/personalparking.es\/fr\/","title":{"rendered":"Inicio"},"content":{"rendered":"<div data-elementor-type=\"wp-page\" data-elementor-id=\"1631\" class=\"elementor elementor-1631\" data-elementor-post-type=\"page\">\n\t\t\t\t<div class=\"elementor-element elementor-element-72ef869 e-flex e-con-boxed e-con e-parent\" data-id=\"72ef869\" data-element_type=\"container\" data-settings=\"{&quot;background_background&quot;:&quot;slideshow&quot;,&quot;background_slideshow_gallery&quot;:[{&quot;id&quot;:2313,&quot;url&quot;:&quot;https:\\\/\\\/personalparking.es\\\/wp-content\\\/uploads\\\/sites\\\/20\\\/2024\\\/07\\\/Aeropuerto-De-Malaga-Costa-del-Sol-AGP.jpg&quot;},{&quot;id&quot;:2310,&quot;url&quot;:&quot;https:\\\/\\\/personalparking.es\\\/wp-content\\\/uploads\\\/sites\\\/20\\\/2024\\\/07\\\/visitar-malaga-getaround-1-e1720868808399.jpg&quot;},{&quot;id&quot;:2263,&quot;url&quot;:&quot;https:\\\/\\\/personalparking.es\\\/wp-content\\\/uploads\\\/sites\\\/20\\\/2024\\\/07\\\/landscape-7167174_960_720-e1720874632109.jpg&quot;},{&quot;id&quot;:2312,&quot;url&quot;:&quot;https:\\\/\\\/personalparking.es\\\/wp-content\\\/uploads\\\/sites\\\/20\\\/2024\\\/07\\\/dest_spain_benalmadena_malaga_costa-del-sol_andalusia_shutterstock_610430612_universal_within-usage-period_25541.jpg&quot;}],&quot;background_slideshow_loop&quot;:&quot;yes&quot;,&quot;background_slideshow_slide_duration&quot;:5000,&quot;background_slideshow_slide_transition&quot;:&quot;fade&quot;,&quot;background_slideshow_transition_duration&quot;:500}\">\n\t\t\t\t\t<div class=\"e-con-inner\">\n\t\t\t\t<div class=\"elementor-element elementor-element-1b0d369 elementor-widget elementor-widget-heading\" data-id=\"1b0d369\" data-element_type=\"widget\" data-widget_type=\"heading.default\">\n\t\t\t\t<div class=\"elementor-widget-container\">\n\t\t\t\t\t<p class=\"elementor-heading-title elementor-size-default\">NOUS R\u00c9CUP\u00c9RONS ET LIVRONS VOTRE VOITURE \u00c0 L&#039;A\u00c9ROPORT<\/p>\t\t\t\t<\/div>\n\t\t\t\t<\/div>\n\t\t\t\t<div class=\"elementor-element elementor-element-47479c8 elementor-widget elementor-widget-heading\" data-id=\"47479c8\" data-element_type=\"widget\" data-widget_type=\"heading.default\">\n\t\t\t\t<div class=\"elementor-widget-container\">\n\t\t\t\t\t<h1 class=\"elementor-heading-title elementor-size-default\">Parking couvert et surveill\u00e9 24h\/24 \u00e0 l&#039;a\u00e9roport de Malaga<\/h1>\t\t\t\t<\/div>\n\t\t\t\t<\/div>\n\t\t\t\t<div class=\"elementor-element elementor-element-32ac7e0 elementor-widget elementor-widget-text-editor\" data-id=\"32ac7e0\" data-element_type=\"widget\" data-widget_type=\"text-editor.default\">\n\t\t\t\t<div class=\"elementor-widget-container\">\n\t\t\t\t\t\t\t\t\tVotre parking de confiance \u00e0 l&#039;a\u00e9roport de Malaga\n<ul>\n \t<li>Ouvert 24 heures sur 24, 365 jours par an<\/li>\n \t<li>Emplacement strat\u00e9gique<\/li>\n \t<li>Surveillance 24 heures sur 24<\/li>\n \t<li>Assurance vol et incendie<\/li>\n<\/ul>\t\t\t\t\t\t\t\t<\/div>\n\t\t\t\t<\/div>\n\t\t<div class=\"elementor-element elementor-element-30d3eb9 e-con-full e-flex e-con e-child\" data-id=\"30d3eb9\" data-element_type=\"container\" data-settings=\"{&quot;background_background&quot;:&quot;classic&quot;}\">\n\t\t\t\t<div class=\"elementor-element elementor-element-9104fb0 elementor-widget elementor-widget-html\" data-id=\"9104fb0\" data-element_type=\"widget\" data-widget_type=\"html.default\">\n\t\t\t\t<div class=\"elementor-widget-container\">\n\t\t\t\t\t<div class=\"search-parking-wrapper\"><div class=\"dropdown\">\n    \n  <p style=\"margin:0px; font-weight:500;\">Type de lieu ?<\/p><button class=\"dropbtn\" id=\"dropdownButton\">S\u00e9lectionnez un emplacement<\/button>\n  <div class=\"dropdown-content\">\n    \n    <a href=\"https:\/\/personalparking.es\/fr\/booking\/malaga-airport-exterior\/\" onclick=\"selectOption(event, 'Aparcamiento Exterior', 'https:\/\/personalparking.es\/booking\/malaga-airport-exterior\/')\"><img decoding=\"async\" src=\"https:\/\/builder.kanalioapp.com\/wp-content\/uploads\/sites\/22\/2024\/07\/1200px-Airplane_silhouette_gray_40.svg.png\" class=\"icon\">Stationnement ext\u00e9rieur<\/a>\n    <a href=\"https:\/\/personalparking.es\/fr\/booking\/malaga-airport-interior\/\" onclick=\"selectOption(event, 'Aparcamiento Interior', 'https:\/\/personalparking.es\/booking\/malaga-airport-interior\/')\"><img decoding=\"async\" src=\"https:\/\/builder.kanalioapp.com\/wp-content\/uploads\/sites\/22\/2024\/07\/1200px-Airplane_silhouette_gray_40.svg.png\" class=\"icon\">Stationnement int\u00e9rieur<\/a>\n    \n  <\/div>\n<\/div>\n\n<button class=\"btn-search\" id=\"buscar-plaza\">LIEU DE RECHERCHE<\/button>\n<\/div>\n\n<style>\n\n.search-parking-wrapper{\n    display: flex;\n    width:450px;\n    padding:10px;\n    background-color: white;\n    border-radius:5px;\n   \n}\n\n.btn-search{\n    width:250px;\n    font-weight:500 !important;\n}\n.dropbtn {\n  background-color: white;\n  color: black;\n  font-weight: 500 !important;\n  font-size: 1em !important;\n  padding: 10px 0px;\n  width: 100%;\n  text-align: left;\n}\n\n.dropdown {\n  position: relative;\n  display: inline-block;\n  width: 100%;\n}\n.dropdown img {\n  width: 20px;\n  height: 20px;\n  margin-right: 15px;\n}\n\n.dropdown-content {\n  display: none;\n  position: absolute;\n  background-color: #f1f1f1;\n  width: 100%;\n  box-shadow: 0px 8px 16px 0px rgba(0,0,0,0.2);\n  z-index: 1;\n}\n\n.dropdown-content a {\n  color: black;\n  font-size: 14px;\n  padding: 12px 16px;\n  text-decoration: none;\n  display: block;\n}\n\n.dropdown-content a img.icon {\n  margin-right: 8px;\n  vertical-align: middle;\n}\n\n.dropdown-content a.default img.icon {\n  display: none;\n}\n\n.dropdown-content a:hover {\n  background-color: #ddd;\n}\n\n.dropdown:hover .dropdown-content {\n  display: block;\n}\n\n.dropdown:hover .dropbtn {\n  color: gray;\n  background-color: white;\n}\n@media (max-width: 481px){\n    .search-parking-wrapper{\n       width:100%;\n       flex-direction: column;\n       gap:10px;\n    }\n    .btn-search{\n        width:100%;\n    }\n    \n}\n<\/style>\n\n<script>\nlet selectedUrl = \"#\";\n\nfunction selectOption(event, optionText, url) {\n  event.preventDefault();\n  document.getElementById('dropdownButton').textContent = optionText;\n  selectedUrl = url;\n\n  \/\/ Close the dropdown\n  document.querySelector('.dropdown-content').style.display = 'none';\n}\n\n\/\/ Reopen the dropdown on hover\ndocument.querySelector('.dropdown').addEventListener('mouseover', function() {\n  document.querySelector('.dropdown-content').style.display = 'block';\n});\n\ndocument.getElementById('buscar-plaza').addEventListener('click', function() {\n  window.location.href = selectedUrl;\n});\n<\/script>\n\t\t\t\t<\/div>\n\t\t\t\t<\/div>\n\t\t\t\t<\/div>\n\t\t\t\t\t<\/div>\n\t\t\t\t<\/div>\n\t\t<div class=\"elementor-element elementor-element-f2077ca e-flex e-con-boxed e-con e-parent\" data-id=\"f2077ca\" data-element_type=\"container\">\n\t\t\t\t\t<div class=\"e-con-inner\">\n\t\t\t\t<div class=\"elementor-element elementor-element-d5f6416 elementor-widget elementor-widget-heading\" data-id=\"d5f6416\" data-element_type=\"widget\" data-widget_type=\"heading.default\">\n\t\t\t\t<div class=\"elementor-widget-container\">\n\t\t\t\t\t<h2 class=\"elementor-heading-title elementor-size-default\">Parking personnel M\u00e1laga<\/h2>\t\t\t\t<\/div>\n\t\t\t\t<\/div>\n\t\t\t\t<div class=\"elementor-element elementor-element-0692056 elementor-widget elementor-widget-text-editor\" data-id=\"0692056\" data-element_type=\"widget\" data-widget_type=\"text-editor.default\">\n\t\t\t\t<div class=\"elementor-widget-container\">\n\t\t\t\t\t\t\t\t\t<p>S\u00e9curit\u00e9 et confort, \u00e0 quelques minutes de l&#039;a\u00e9roport de Malaga<\/p>\t\t\t\t\t\t\t\t<\/div>\n\t\t\t\t<\/div>\n\t\t<div class=\"elementor-element elementor-element-891148b e-flex e-con-boxed e-con e-child\" data-id=\"891148b\" data-element_type=\"container\">\n\t\t\t\t\t<div class=\"e-con-inner\">\n\t\t<div class=\"elementor-element elementor-element-a219025 e-flex e-con-boxed e-con e-child\" data-id=\"a219025\" data-element_type=\"container\">\n\t\t\t\t\t<div class=\"e-con-inner\">\n\t\t\t\t<div class=\"elementor-element elementor-element-2636b2b elementor-widget elementor-widget-image\" data-id=\"2636b2b\" data-element_type=\"widget\" data-widget_type=\"image.default\">\n\t\t\t\t<div class=\"elementor-widget-container\">\n\t\t\t\t\t\t\t\t\t\t\t\t\t\t\t<img fetchpriority=\"high\" decoding=\"async\" width=\"768\" height=\"511\" src=\"https:\/\/personalparking.es\/wp-content\/uploads\/sites\/20\/2024\/05\/woman-exchanging-car-keys-with-parking-valet-1024x681-1-768x511.jpg\" class=\"attachment-medium_large size-medium_large wp-image-2234\" alt=\"\" srcset=\"https:\/\/personalparking.es\/wp-content\/uploads\/sites\/20\/2024\/05\/woman-exchanging-car-keys-with-parking-valet-1024x681-1-768x511.jpg 768w, https:\/\/personalparking.es\/wp-content\/uploads\/sites\/20\/2024\/05\/woman-exchanging-car-keys-with-parking-valet-1024x681-1-300x200.jpg 300w, https:\/\/personalparking.es\/wp-content\/uploads\/sites\/20\/2024\/05\/woman-exchanging-car-keys-with-parking-valet-1024x681-1-18x12.jpg 18w, https:\/\/personalparking.es\/wp-content\/uploads\/sites\/20\/2024\/05\/woman-exchanging-car-keys-with-parking-valet-1024x681-1.jpg 1024w\" sizes=\"(max-width: 768px) 100vw, 768px\" \/>\t\t\t\t\t\t\t\t\t\t\t\t\t\t\t<\/div>\n\t\t\t\t<\/div>\n\t\t\t\t<div class=\"elementor-element elementor-element-1f704e3 elementor-widget elementor-widget-heading\" data-id=\"1f704e3\" data-element_type=\"widget\" data-widget_type=\"heading.default\">\n\t\t\t\t<div class=\"elementor-widget-container\">\n\t\t\t\t\t<h3 class=\"elementor-heading-title elementor-size-default\">Acc\u00e8s au stationnement <\/h3>\t\t\t\t<\/div>\n\t\t\t\t<\/div>\n\t\t\t\t<div class=\"elementor-element elementor-element-896a25a elementor-widget elementor-widget-text-editor\" data-id=\"896a25a\" data-element_type=\"widget\" data-widget_type=\"text-editor.default\">\n\t\t\t\t<div class=\"elementor-widget-container\">\n\t\t\t\t\t\t\t\t\t<p>Notre parking est op\u00e9rationnel sans interruption, vous permettant de d\u00e9poser ou de r\u00e9cup\u00e9rer votre v\u00e9hicule avec notre service voiturier \u00e0 toute heure du jour ou de la nuit. Ceci est id\u00e9al pour les voyageurs ayant des horaires flexibles ou des vols qui arrivent ou partent \u00e0 des heures non conventionnelles, garantissant commodit\u00e9 et accessibilit\u00e9 constante.<\/p>\t\t\t\t\t\t\t\t<\/div>\n\t\t\t\t<\/div>\n\t\t\t\t\t<\/div>\n\t\t\t\t<\/div>\n\t\t<div class=\"elementor-element elementor-element-590ea90 e-flex e-con-boxed e-con e-child\" data-id=\"590ea90\" data-element_type=\"container\">\n\t\t\t\t\t<div class=\"e-con-inner\">\n\t\t\t\t<div class=\"elementor-element elementor-element-c14b054 elementor-widget elementor-widget-image\" data-id=\"c14b054\" data-element_type=\"widget\" data-widget_type=\"image.default\">\n\t\t\t\t<div class=\"elementor-widget-container\">\n\t\t\t\t\t\t\t\t\t\t\t\t\t\t\t<img decoding=\"async\" width=\"768\" height=\"456\" src=\"https:\/\/personalparking.es\/wp-content\/uploads\/sites\/20\/2024\/05\/Aeropuerto-De-Malaga-Costa-del-Sol-AGP-768x456.jpg\" class=\"attachment-medium_large size-medium_large wp-image-2239\" alt=\"\" srcset=\"https:\/\/personalparking.es\/wp-content\/uploads\/sites\/20\/2024\/05\/Aeropuerto-De-Malaga-Costa-del-Sol-AGP-768x456.jpg 768w, https:\/\/personalparking.es\/wp-content\/uploads\/sites\/20\/2024\/05\/Aeropuerto-De-Malaga-Costa-del-Sol-AGP-300x178.jpg 300w, https:\/\/personalparking.es\/wp-content\/uploads\/sites\/20\/2024\/05\/Aeropuerto-De-Malaga-Costa-del-Sol-AGP-18x12.jpg 18w, https:\/\/personalparking.es\/wp-content\/uploads\/sites\/20\/2024\/05\/Aeropuerto-De-Malaga-Costa-del-Sol-AGP.jpg 850w\" sizes=\"(max-width: 768px) 100vw, 768px\" \/>\t\t\t\t\t\t\t\t\t\t\t\t\t\t\t<\/div>\n\t\t\t\t<\/div>\n\t\t\t\t<div class=\"elementor-element elementor-element-2a78376 elementor-widget elementor-widget-heading\" data-id=\"2a78376\" data-element_type=\"widget\" data-widget_type=\"heading.default\">\n\t\t\t\t<div class=\"elementor-widget-container\">\n\t\t\t\t\t<h3 class=\"elementor-heading-title elementor-size-default\">Emplacement strat\u00e9gique<\/h3>\t\t\t\t<\/div>\n\t\t\t\t<\/div>\n\t\t\t\t<div class=\"elementor-element elementor-element-71a3873 elementor-widget elementor-widget-text-editor\" data-id=\"71a3873\" data-element_type=\"widget\" data-widget_type=\"text-editor.default\">\n\t\t\t\t<div class=\"elementor-widget-container\">\n\t\t\t\t\t\t\t\t\t<p>Nous sommes strat\u00e9giquement situ\u00e9s \u00e0 une courte distance de l&#039;a\u00e9roport de M\u00e1laga-Costa del Sol. Le point de collecte des v\u00e9hicules se trouve directement \u00e0 l&#039;a\u00e9roport, o\u00f9 notre service de voiturier r\u00e9cup\u00e8re les v\u00e9hicules et les emm\u00e8ne au parking. Ceci est particuli\u00e8rement avantageux pour ceux qui cherchent \u00e0 minimiser le temps de trajet et \u00e0 garantir une arriv\u00e9e \u00e0 l\u2019heure pour leur vol.<\/p>\t\t\t\t\t\t\t\t<\/div>\n\t\t\t\t<\/div>\n\t\t\t\t\t<\/div>\n\t\t\t\t<\/div>\n\t\t<div class=\"elementor-element elementor-element-93278db e-flex e-con-boxed e-con e-child\" data-id=\"93278db\" data-element_type=\"container\">\n\t\t\t\t\t<div class=\"e-con-inner\">\n\t\t\t\t<div class=\"elementor-element elementor-element-7f5a03a elementor-widget elementor-widget-image\" data-id=\"7f5a03a\" data-element_type=\"widget\" data-widget_type=\"image.default\">\n\t\t\t\t<div class=\"elementor-widget-container\">\n\t\t\t\t\t\t\t\t\t\t\t\t\t\t\t<img decoding=\"async\" width=\"768\" height=\"512\" src=\"https:\/\/personalparking.es\/wp-content\/uploads\/sites\/20\/2024\/05\/closeup-of-cctv-camera-on-the-wall-1024x683-1-768x512.jpg\" class=\"attachment-medium_large size-medium_large wp-image-2235\" alt=\"\" srcset=\"https:\/\/personalparking.es\/wp-content\/uploads\/sites\/20\/2024\/05\/closeup-of-cctv-camera-on-the-wall-1024x683-1-768x512.jpg 768w, https:\/\/personalparking.es\/wp-content\/uploads\/sites\/20\/2024\/05\/closeup-of-cctv-camera-on-the-wall-1024x683-1-300x200.jpg 300w, https:\/\/personalparking.es\/wp-content\/uploads\/sites\/20\/2024\/05\/closeup-of-cctv-camera-on-the-wall-1024x683-1-18x12.jpg 18w, https:\/\/personalparking.es\/wp-content\/uploads\/sites\/20\/2024\/05\/closeup-of-cctv-camera-on-the-wall-1024x683-1.jpg 1024w\" sizes=\"(max-width: 768px) 100vw, 768px\" \/>\t\t\t\t\t\t\t\t\t\t\t\t\t\t\t<\/div>\n\t\t\t\t<\/div>\n\t\t\t\t<div class=\"elementor-element elementor-element-aaf5428 elementor-widget elementor-widget-heading\" data-id=\"aaf5428\" data-element_type=\"widget\" data-widget_type=\"heading.default\">\n\t\t\t\t<div class=\"elementor-widget-container\">\n\t\t\t\t\t<h3 class=\"elementor-heading-title elementor-size-default\">S\u00e9curit\u00e9 et tranquillit\u00e9 d&#039;esprit<\/h3>\t\t\t\t<\/div>\n\t\t\t\t<\/div>\n\t\t\t\t<div class=\"elementor-element elementor-element-e704066 elementor-widget elementor-widget-text-editor\" data-id=\"e704066\" data-element_type=\"widget\" data-widget_type=\"text-editor.default\">\n\t\t\t\t<div class=\"elementor-widget-container\">\n\t\t\t\t\t\t\t\t\t<p>La s\u00e9curit\u00e9 de votre v\u00e9hicule est notre priorit\u00e9. Nous disposons de syst\u00e8mes de surveillance et de s\u00e9curit\u00e9 avanc\u00e9s 24 heures sur 24, comprenant des cam\u00e9ras de surveillance et un personnel qualifi\u00e9. Ces \u00e9l\u00e9ments fonctionnent ensemble pour assurer une protection compl\u00e8te contre tout incident, vous offrant ainsi la tranquillit\u00e9 d&#039;esprit que votre v\u00e9hicule est en s\u00e9curit\u00e9 pendant votre absence.<\/p>\t\t\t\t\t\t\t\t<\/div>\n\t\t\t\t<\/div>\n\t\t\t\t\t<\/div>\n\t\t\t\t<\/div>\n\t\t\t\t\t<\/div>\n\t\t\t\t<\/div>\n\t\t\t\t\t<\/div>\n\t\t\t\t<\/div>\n\t\t<div class=\"elementor-element elementor-element-95f77d5 e-flex e-con-boxed e-con e-parent\" data-id=\"95f77d5\" data-element_type=\"container\" data-settings=\"{&quot;background_background&quot;:&quot;classic&quot;}\">\n\t\t\t\t\t<div class=\"e-con-inner\">\n\t\t\t\t<div class=\"elementor-element elementor-element-0feb80c elementor-widget elementor-widget-heading\" data-id=\"0feb80c\" data-element_type=\"widget\" data-widget_type=\"heading.default\">\n\t\t\t\t<div class=\"elementor-widget-container\">\n\t\t\t\t\t<h2 class=\"elementor-heading-title elementor-size-default\">Tous les avantages du Personal Parking Malaga<\/h2>\t\t\t\t<\/div>\n\t\t\t\t<\/div>\n\t\t\t\t<div class=\"elementor-element elementor-element-4be3be0 elementor-widget__width-initial elementor-widget elementor-widget-text-editor\" data-id=\"4be3be0\" data-element_type=\"widget\" data-widget_type=\"text-editor.default\">\n\t\t\t\t<div class=\"elementor-widget-container\">\n\t\t\t\t\t\t\t\t\tNous garons votre voiture pendant votre voyage\t\t\t\t\t\t\t\t<\/div>\n\t\t\t\t<\/div>\n\t\t<div class=\"elementor-element elementor-element-fb54328 e-grid e-con-boxed e-con e-child\" data-id=\"fb54328\" data-element_type=\"container\">\n\t\t\t\t\t<div class=\"e-con-inner\">\n\t\t\t\t<div class=\"elementor-element elementor-element-826cf2f elementor-widget-mobile__width-initial elementor-position-top elementor-widget elementor-widget-image-box\" data-id=\"826cf2f\" data-element_type=\"widget\" data-widget_type=\"image-box.default\">\n\t\t\t\t<div class=\"elementor-widget-container\">\n\t\t\t\t\t<div class=\"elementor-image-box-wrapper\"><figure class=\"elementor-image-box-img\"><img loading=\"lazy\" decoding=\"async\" width=\"512\" height=\"512\" src=\"https:\/\/personalparking.es\/wp-content\/uploads\/sites\/20\/2024\/05\/garage.png\" class=\"attachment-full size-full wp-image-95\" alt=\"\" srcset=\"https:\/\/personalparking.es\/wp-content\/uploads\/sites\/20\/2024\/05\/garage.png 512w, https:\/\/personalparking.es\/wp-content\/uploads\/sites\/20\/2024\/05\/garage-300x300.png 300w, https:\/\/personalparking.es\/wp-content\/uploads\/sites\/20\/2024\/05\/garage-150x150.png 150w\" sizes=\"(max-width: 512px) 100vw, 512px\" \/><\/figure><div class=\"elementor-image-box-content\"><span class=\"elementor-image-box-title\">Parking couvert<\/span><\/div><\/div>\t\t\t\t<\/div>\n\t\t\t\t<\/div>\n\t\t\t\t<div class=\"elementor-element elementor-element-b369df2 elementor-widget-mobile__width-initial elementor-position-top elementor-widget elementor-widget-image-box\" data-id=\"b369df2\" data-element_type=\"widget\" data-widget_type=\"image-box.default\">\n\t\t\t\t<div class=\"elementor-widget-container\">\n\t\t\t\t\t<div class=\"elementor-image-box-wrapper\"><figure class=\"elementor-image-box-img\"><img loading=\"lazy\" decoding=\"async\" width=\"512\" height=\"512\" src=\"https:\/\/personalparking.es\/wp-content\/uploads\/sites\/20\/2024\/05\/disabled.png\" class=\"attachment-full size-full wp-image-91\" alt=\"\" srcset=\"https:\/\/personalparking.es\/wp-content\/uploads\/sites\/20\/2024\/05\/disabled.png 512w, https:\/\/personalparking.es\/wp-content\/uploads\/sites\/20\/2024\/05\/disabled-300x300.png 300w, https:\/\/personalparking.es\/wp-content\/uploads\/sites\/20\/2024\/05\/disabled-150x150.png 150w\" sizes=\"(max-width: 512px) 100vw, 512px\" \/><\/figure><div class=\"elementor-image-box-content\"><span class=\"elementor-image-box-title\">Accessibilit\u00e9 PMR<\/span><\/div><\/div>\t\t\t\t<\/div>\n\t\t\t\t<\/div>\n\t\t\t\t<div class=\"elementor-element elementor-element-a15b943 elementor-widget-mobile__width-initial elementor-position-top elementor-widget elementor-widget-image-box\" data-id=\"a15b943\" data-element_type=\"widget\" data-widget_type=\"image-box.default\">\n\t\t\t\t<div class=\"elementor-widget-container\">\n\t\t\t\t\t<div class=\"elementor-image-box-wrapper\"><figure class=\"elementor-image-box-img\"><img loading=\"lazy\" decoding=\"async\" width=\"512\" height=\"512\" src=\"https:\/\/personalparking.es\/wp-content\/uploads\/sites\/20\/2024\/05\/wide.png\" class=\"attachment-full size-full wp-image-92\" alt=\"\" srcset=\"https:\/\/personalparking.es\/wp-content\/uploads\/sites\/20\/2024\/05\/wide.png 512w, https:\/\/personalparking.es\/wp-content\/uploads\/sites\/20\/2024\/05\/wide-300x300.png 300w, https:\/\/personalparking.es\/wp-content\/uploads\/sites\/20\/2024\/05\/wide-150x150.png 150w\" sizes=\"(max-width: 512px) 100vw, 512px\" \/><\/figure><div class=\"elementor-image-box-content\"><span class=\"elementor-image-box-title\">Grands espaces<\/span><\/div><\/div>\t\t\t\t<\/div>\n\t\t\t\t<\/div>\n\t\t\t\t<div class=\"elementor-element elementor-element-6897be2 elementor-widget-mobile__width-initial elementor-position-top elementor-widget elementor-widget-image-box\" data-id=\"6897be2\" data-element_type=\"widget\" data-widget_type=\"image-box.default\">\n\t\t\t\t<div class=\"elementor-widget-container\">\n\t\t\t\t\t<div class=\"elementor-image-box-wrapper\"><figure class=\"elementor-image-box-img\"><img loading=\"lazy\" decoding=\"async\" width=\"512\" height=\"512\" src=\"https:\/\/personalparking.es\/wp-content\/uploads\/sites\/20\/2024\/05\/security-camera.png\" class=\"attachment-full size-full wp-image-90\" alt=\"\" srcset=\"https:\/\/personalparking.es\/wp-content\/uploads\/sites\/20\/2024\/05\/security-camera.png 512w, https:\/\/personalparking.es\/wp-content\/uploads\/sites\/20\/2024\/05\/security-camera-300x300.png 300w, https:\/\/personalparking.es\/wp-content\/uploads\/sites\/20\/2024\/05\/security-camera-150x150.png 150w\" sizes=\"(max-width: 512px) 100vw, 512px\" \/><\/figure><div class=\"elementor-image-box-content\"><span class=\"elementor-image-box-title\">Zone de vid\u00e9osurveillance<\/span><\/div><\/div>\t\t\t\t<\/div>\n\t\t\t\t<\/div>\n\t\t\t\t<div class=\"elementor-element elementor-element-54e79e6 elementor-widget-mobile__width-initial elementor-position-top elementor-widget elementor-widget-image-box\" data-id=\"54e79e6\" data-element_type=\"widget\" data-widget_type=\"image-box.default\">\n\t\t\t\t<div class=\"elementor-widget-container\">\n\t\t\t\t\t<div class=\"elementor-image-box-wrapper\"><figure class=\"elementor-image-box-img\"><img loading=\"lazy\" decoding=\"async\" width=\"512\" height=\"512\" src=\"https:\/\/personalparking.es\/wp-content\/uploads\/sites\/20\/2025\/06\/109613-1.png\" class=\"attachment-full size-full wp-image-2414\" alt=\"\" srcset=\"https:\/\/personalparking.es\/wp-content\/uploads\/sites\/20\/2025\/06\/109613-1.png 512w, https:\/\/personalparking.es\/wp-content\/uploads\/sites\/20\/2025\/06\/109613-1-300x300.png 300w, https:\/\/personalparking.es\/wp-content\/uploads\/sites\/20\/2025\/06\/109613-1-150x150.png 150w, https:\/\/personalparking.es\/wp-content\/uploads\/sites\/20\/2025\/06\/109613-1-12x12.png 12w\" sizes=\"(max-width: 512px) 100vw, 512px\" \/><\/figure><div class=\"elementor-image-box-content\"><span class=\"elementor-image-box-title\">de 4:00 a 24:00<\/span><\/div><\/div>\t\t\t\t<\/div>\n\t\t\t\t<\/div>\n\t\t\t\t<div class=\"elementor-element elementor-element-c6a948a elementor-widget-mobile__width-initial elementor-position-top elementor-widget elementor-widget-image-box\" data-id=\"c6a948a\" data-element_type=\"widget\" data-widget_type=\"image-box.default\">\n\t\t\t\t<div class=\"elementor-widget-container\">\n\t\t\t\t\t<div class=\"elementor-image-box-wrapper\"><figure class=\"elementor-image-box-img\"><img loading=\"lazy\" decoding=\"async\" width=\"512\" height=\"512\" src=\"https:\/\/personalparking.es\/wp-content\/uploads\/sites\/20\/2024\/05\/car-wash.png\" class=\"attachment-full size-full wp-image-87\" alt=\"\" srcset=\"https:\/\/personalparking.es\/wp-content\/uploads\/sites\/20\/2024\/05\/car-wash.png 512w, https:\/\/personalparking.es\/wp-content\/uploads\/sites\/20\/2024\/05\/car-wash-300x300.png 300w, https:\/\/personalparking.es\/wp-content\/uploads\/sites\/20\/2024\/05\/car-wash-150x150.png 150w\" sizes=\"(max-width: 512px) 100vw, 512px\" \/><\/figure><div class=\"elementor-image-box-content\"><span class=\"elementor-image-box-title\">Lavage ext\u00e9rieur<\/span><\/div><\/div>\t\t\t\t<\/div>\n\t\t\t\t<\/div>\n\t\t\t\t<div class=\"elementor-element elementor-element-a8112d2 elementor-widget-mobile__width-initial elementor-position-top elementor-widget elementor-widget-image-box\" data-id=\"a8112d2\" data-element_type=\"widget\" data-widget_type=\"image-box.default\">\n\t\t\t\t<div class=\"elementor-widget-container\">\n\t\t\t\t\t<div class=\"elementor-image-box-wrapper\"><figure class=\"elementor-image-box-img\"><img loading=\"lazy\" decoding=\"async\" width=\"512\" height=\"512\" src=\"https:\/\/personalparking.es\/wp-content\/uploads\/sites\/20\/2024\/05\/keys.png\" class=\"attachment-full size-full wp-image-88\" alt=\"\" srcset=\"https:\/\/personalparking.es\/wp-content\/uploads\/sites\/20\/2024\/05\/keys.png 512w, https:\/\/personalparking.es\/wp-content\/uploads\/sites\/20\/2024\/05\/keys-300x300.png 300w, https:\/\/personalparking.es\/wp-content\/uploads\/sites\/20\/2024\/05\/keys-150x150.png 150w\" sizes=\"(max-width: 512px) 100vw, 512px\" \/><\/figure><div class=\"elementor-image-box-content\"><span class=\"elementor-image-box-title\">Service de voiturier<\/span><\/div><\/div>\t\t\t\t<\/div>\n\t\t\t\t<\/div>\n\t\t\t\t<div class=\"elementor-element elementor-element-be123e4 elementor-widget-mobile__width-initial elementor-position-top elementor-widget elementor-widget-image-box\" data-id=\"be123e4\" data-element_type=\"widget\" data-widget_type=\"image-box.default\">\n\t\t\t\t<div class=\"elementor-widget-container\">\n\t\t\t\t\t<div class=\"elementor-image-box-wrapper\"><figure class=\"elementor-image-box-img\"><img loading=\"lazy\" decoding=\"async\" width=\"512\" height=\"512\" src=\"https:\/\/personalparking.es\/wp-content\/uploads\/sites\/20\/2024\/05\/bellboy.png\" class=\"attachment-full size-full wp-image-89\" alt=\"\" srcset=\"https:\/\/personalparking.es\/wp-content\/uploads\/sites\/20\/2024\/05\/bellboy.png 512w, https:\/\/personalparking.es\/wp-content\/uploads\/sites\/20\/2024\/05\/bellboy-300x300.png 300w, https:\/\/personalparking.es\/wp-content\/uploads\/sites\/20\/2024\/05\/bellboy-150x150.png 150w\" sizes=\"(max-width: 512px) 100vw, 512px\" \/><\/figure><div class=\"elementor-image-box-content\"><span class=\"elementor-image-box-title\">La conciergerie<\/span><\/div><\/div>\t\t\t\t<\/div>\n\t\t\t\t<\/div>\n\t\t\t\t\t<\/div>\n\t\t\t\t<\/div>\n\t\t\t\t\t<\/div>\n\t\t\t\t<\/div>\n\t\t<div class=\"elementor-element elementor-element-74aa7ca e-flex e-con-boxed e-con e-parent\" data-id=\"74aa7ca\" data-element_type=\"container\">\n\t\t\t\t\t<div class=\"e-con-inner\">\n\t\t\t\t<div class=\"elementor-element elementor-element-37e674d elementor-widget elementor-widget-heading\" data-id=\"37e674d\" data-element_type=\"widget\" data-widget_type=\"heading.default\">\n\t\t\t\t<div class=\"elementor-widget-container\">\n\t\t\t\t\t<h2 class=\"elementor-heading-title elementor-size-default\">Pourquoi utiliser Personal Parking Malaga ?<\/h2>\t\t\t\t<\/div>\n\t\t\t\t<\/div>\n\t\t\t\t<div class=\"elementor-element elementor-element-c154630 elementor-widget elementor-widget-text-editor\" data-id=\"c154630\" data-element_type=\"widget\" data-widget_type=\"text-editor.default\">\n\t\t\t\t<div class=\"elementor-widget-container\">\n\t\t\t\t\t\t\t\t\tA quelques m\u00e8tres de l&#039;a\u00e9roport\t\t\t\t\t\t\t\t<\/div>\n\t\t\t\t<\/div>\n\t\t<div class=\"elementor-element elementor-element-c3bb7c6 e-flex e-con-boxed e-con e-child\" data-id=\"c3bb7c6\" data-element_type=\"container\">\n\t\t\t\t\t<div class=\"e-con-inner\">\n\t\t<div class=\"elementor-element elementor-element-f8dfa59 e-flex e-con-boxed e-con e-child\" data-id=\"f8dfa59\" data-element_type=\"container\" data-settings=\"{&quot;background_background&quot;:&quot;classic&quot;}\">\n\t\t\t\t\t<div class=\"e-con-inner\">\n\t\t\t\t\t<\/div>\n\t\t\t\t<\/div>\n\t\t<div class=\"elementor-element elementor-element-fa18a1f e-flex e-con-boxed e-con e-child\" data-id=\"fa18a1f\" data-element_type=\"container\">\n\t\t\t\t\t<div class=\"e-con-inner\">\n\t\t<div class=\"elementor-element elementor-element-45cee48 e-flex e-con-boxed e-con e-child\" data-id=\"45cee48\" data-element_type=\"container\">\n\t\t\t\t\t<div class=\"e-con-inner\">\n\t\t\t\t<div class=\"elementor-element elementor-element-3312a28 elementor-widget elementor-widget-heading\" data-id=\"3312a28\" data-element_type=\"widget\" data-widget_type=\"heading.default\">\n\t\t\t\t<div class=\"elementor-widget-container\">\n\t\t\t\t\t<h3 class=\"elementor-heading-title elementor-size-default\">Garez votre voiture dans un parking confortable, s\u00fbr et s\u00e9curis\u00e9.<\/h3>\t\t\t\t<\/div>\n\t\t\t\t<\/div>\n\t\t\t\t<div class=\"elementor-element elementor-element-0283117 elementor-widget elementor-widget-text-editor\" data-id=\"0283117\" data-element_type=\"widget\" data-widget_type=\"text-editor.default\">\n\t\t\t\t<div class=\"elementor-widget-container\">\n\t\t\t\t\t\t\t\t\t<p>Notre parking pr\u00e8s de l\u2019a\u00e9roport de Malaga offre une option id\u00e9ale pour ceux qui recherchent commodit\u00e9 et s\u00e9curit\u00e9. Il est situ\u00e9 \u00e0 quelques m\u00e8tres de l&#039;a\u00e9roport, offrant des espaces s\u00e9curis\u00e9s et un service de voiturier avec du personnel qualifi\u00e9. Vous n&#039;aurez pas besoin de vous d\u00e9placer depuis l&#039;a\u00e9roport, puisque nous nous occuperons de r\u00e9cup\u00e9rer votre voiture au point de collecte et de la garer sur notre parking. A votre retour de voyage, nous vous le livrons au m\u00eame point de retrait.<\/p>\t\t\t\t\t\t\t\t<\/div>\n\t\t\t\t<\/div>\n\t\t\t\t<div class=\"elementor-element elementor-element-2d5f9a9 elementor-widget elementor-widget-text-editor\" data-id=\"2d5f9a9\" data-element_type=\"widget\" data-widget_type=\"text-editor.default\">\n\t\t\t\t<div class=\"elementor-widget-container\">\n\t\t\t\t\t\t\t\t\tNotre priorit\u00e9 est la s\u00e9curit\u00e9 de nos clients, garantie gr\u00e2ce \u00e0 une zone de vid\u00e9osurveillance 24h\/24. \t\t\t\t\t\t\t\t<\/div>\n\t\t\t\t<\/div>\n\t\t\t\t\t<\/div>\n\t\t\t\t<\/div>\n\t\t\t\t\t<\/div>\n\t\t\t\t<\/div>\n\t\t\t\t\t<\/div>\n\t\t\t\t<\/div>\n\t\t<div class=\"elementor-element elementor-element-180c177 e-flex e-con-boxed e-con e-child\" data-id=\"180c177\" data-element_type=\"container\">\n\t\t\t\t\t<div class=\"e-con-inner\">\n\t\t<div class=\"elementor-element elementor-element-87f8127 e-flex e-con-boxed e-con e-child\" data-id=\"87f8127\" data-element_type=\"container\">\n\t\t\t\t\t<div class=\"e-con-inner\">\n\t\t<div class=\"elementor-element elementor-element-394e7a3 e-flex e-con-boxed e-con e-child\" data-id=\"394e7a3\" data-element_type=\"container\">\n\t\t\t\t\t<div class=\"e-con-inner\">\n\t\t\t\t<div class=\"elementor-element elementor-element-36e55f1 elementor-widget elementor-widget-heading\" data-id=\"36e55f1\" data-element_type=\"widget\" data-widget_type=\"heading.default\">\n\t\t\t\t<div class=\"elementor-widget-container\">\n\t\t\t\t\t<h3 class=\"elementor-heading-title elementor-size-default\">O\u00f9 se trouve le point de collecte ?<\/h3>\t\t\t\t<\/div>\n\t\t\t\t<\/div>\n\t\t\t\t<div class=\"elementor-element elementor-element-e26f1bd elementor-widget elementor-widget-text-editor\" data-id=\"e26f1bd\" data-element_type=\"widget\" data-widget_type=\"text-editor.default\">\n\t\t\t\t<div class=\"elementor-widget-container\">\n\t\t\t\t\t\t\t\t\t<p>El punto de recogida se encuentra dentro del aeropuerto, donde podr\u00e1s dejar tu coche a nuestro servicio de valet y entrar directamente al aeropuerto.<\/p>\t\t\t\t\t\t\t\t<\/div>\n\t\t\t\t<\/div>\n\t\t\t\t<div class=\"elementor-element elementor-element-73ae314 elementor-widget elementor-widget-text-editor\" data-id=\"73ae314\" data-element_type=\"widget\" data-widget_type=\"text-editor.default\">\n\t\t\t\t<div class=\"elementor-widget-container\">\n\t\t\t\t\t\t\t\t\tGarez-vous au Personal Parking M\u00e1laga et d\u00e9couvrez la commodit\u00e9 d&#039;\u00eatre \u00e0 quelques pas de l&#039;a\u00e9roport de M\u00e1laga-Costa del Sol. Notre parking vous offre un acc\u00e8s imm\u00e9diat aux terminaux, garantissant un d\u00e9but et une fin de voyage sans stress.\t\t\t\t\t\t\t\t<\/div>\n\t\t\t\t<\/div>\n\t\t\t\t\t<\/div>\n\t\t\t\t<\/div>\n\t\t<div class=\"elementor-element elementor-element-a10a3c2 e-flex e-con-boxed e-con e-child\" data-id=\"a10a3c2\" data-element_type=\"container\" data-settings=\"{&quot;background_background&quot;:&quot;classic&quot;}\">\n\t\t\t\t\t<div class=\"e-con-inner\">\n\t\t\t\t\t<\/div>\n\t\t\t\t<\/div>\n\t\t\t\t\t<\/div>\n\t\t\t\t<\/div>\n\t\t\t\t\t<\/div>\n\t\t\t\t<\/div>\n\t\t\t\t\t<\/div>\n\t\t\t\t<\/div>\n\t\t<div class=\"elementor-element elementor-element-1fc0ce7 e-flex e-con-boxed e-con e-parent\" data-id=\"1fc0ce7\" data-element_type=\"container\" data-settings=\"{&quot;background_background&quot;:&quot;classic&quot;}\">\n\t\t\t\t\t<div class=\"e-con-inner\">\n\t\t\t\t<div class=\"elementor-element elementor-element-bcfd0cb elementor-widget elementor-widget-heading\" data-id=\"bcfd0cb\" data-element_type=\"widget\" data-widget_type=\"heading.default\">\n\t\t\t\t<div class=\"elementor-widget-container\">\n\t\t\t\t\t<h2 class=\"elementor-heading-title elementor-size-default\">Emplacement du point de retrait<\/h2>\t\t\t\t<\/div>\n\t\t\t\t<\/div>\n\t\t\t\t<div class=\"elementor-element elementor-element-5a30b2a elementor-widget elementor-widget-google_maps\" data-id=\"5a30b2a\" data-element_type=\"widget\" data-widget_type=\"google_maps.default\">\n\t\t\t\t<div class=\"elementor-widget-container\">\n\t\t\t\t\t\t\t<div class=\"elementor-custom-embed\">\n\t\t\t<iframe loading=\"lazy\"\n\t\t\t\t\tsrc=\"https:\/\/maps.google.com\/maps?q=Car%20Rental%20Malaga%20-%20Airport%20terminal%202%20and%203%2C%20La%20Cala%20de%20Mijas&#038;t=m&#038;z=15&#038;output=embed&#038;iwloc=near\"\n\t\t\t\t\ttitle=\"Location de voitures Malaga - A\u00e9roport terminaux 2 et 3, La Cala de Mijas\"\n\t\t\t\t\taria-label=\"Location de voitures Malaga - A\u00e9roport terminaux 2 et 3, La Cala de Mijas\"\n\t\t\t><\/iframe>\n\t\t<\/div>\n\t\t\t\t\t\t<\/div>\n\t\t\t\t<\/div>\n\t\t\t\t\t<\/div>\n\t\t\t\t<\/div>\n\t\t\t\t<\/div>","protected":false},"excerpt":{"rendered":"<p>RECOGEMOS Y ENTREGAMOS TU COCHE EN EL AEROPUERTO Aparcamiento cubierto y vigilado las 24h en el aeropuerto de M\u00e1laga Tu [&hellip;]<\/p>","protected":false},"author":1,"featured_media":0,"parent":0,"menu_order":0,"comment_status":"closed","ping_status":"closed","template":"elementor_header_footer","meta":{"site-sidebar-layout":"default","site-content-layout":"","ast-site-content-layout":"","site-content-style":"default","site-sidebar-style":"default","ast-global-header-display":"","ast-banner-title-visibility":"","ast-main-header-display":"","ast-hfb-above-header-display":"","ast-hfb-below-header-display":"","ast-hfb-mobile-header-display":"","site-post-title":"","ast-breadcrumbs-content":"","ast-featured-img":"","footer-sml-layout":"","theme-transparent-header-meta":"","adv-header-id-meta":"","stick-header-meta":"","header-above-stick-meta":"","header-main-stick-meta":"","header-below-stick-meta":"","astra-migrate-meta-layouts":"default","ast-page-background-enabled":"default","ast-page-background-meta":{"desktop":{"background-color":"var(--ast-global-color-4)","background-image":"","background-repeat":"repeat","background-position":"center center","background-size":"auto","background-attachment":"scroll","background-type":"","background-media":"","overlay-type":"","overlay-color":"","overlay-opacity":"","overlay-gradient":""},"tablet":{"background-color":"","background-image":"","background-repeat":"repeat","background-position":"center center","background-size":"auto","background-attachment":"scroll","background-type":"","background-media":"","overlay-type":"","overlay-color":"","overlay-opacity":"","overlay-gradient":""},"mobile":{"background-color":"","background-image":"","background-repeat":"repeat","background-position":"center center","background-size":"auto","background-attachment":"scroll","background-type":"","background-media":"","overlay-type":"","overlay-color":"","overlay-opacity":"","overlay-gradient":""}},"ast-content-background-meta":{"desktop":{"background-color":"var(--ast-global-color-5)","background-image":"","background-repeat":"repeat","background-position":"center center","background-size":"auto","background-attachment":"scroll","background-type":"","background-media":"","overlay-type":"","overlay-color":"","overlay-opacity":"","overlay-gradient":""},"tablet":{"background-color":"var(--ast-global-color-5)","background-image":"","background-repeat":"repeat","background-position":"center center","background-size":"auto","background-attachment":"scroll","background-type":"","background-media":"","overlay-type":"","overlay-color":"","overlay-opacity":"","overlay-gradient":""},"mobile":{"background-color":"var(--ast-global-color-5)","background-image":"","background-repeat":"repeat","background-position":"center center","background-size":"auto","background-attachment":"scroll","background-type":"","background-media":"","overlay-type":"","overlay-color":"","overlay-opacity":"","overlay-gradient":""}},"footnotes":""},"class_list":["post-1631","page","type-page","status-publish","hentry"],"acf":[],"yoast_head":"<!-- This site is optimized with the Yoast SEO plugin v22.8 - https:\/\/yoast.com\/wordpress\/plugins\/seo\/ -->\n<title>Inicio - Parking en el aeropuerto de M\u00e1laga | Personal Parking<\/title>\n<meta name=\"robots\" content=\"index, follow, max-snippet:-1, max-image-preview:large, max-video-preview:-1\" \/>\n<link rel=\"canonical\" href=\"https:\/\/personalparking.es\/fr\/\" \/>\n<meta property=\"og:locale\" content=\"fr_FR\" \/>\n<meta property=\"og:type\" content=\"article\" \/>\n<meta property=\"og:title\" content=\"Inicio - Parking en el aeropuerto de M\u00e1laga | Personal Parking\" \/>\n<meta property=\"og:description\" content=\"RECOGEMOS Y ENTREGAMOS TU COCHE EN EL AEROPUERTO Aparcamiento cubierto y vigilado las 24h en el aeropuerto de M\u00e1laga Tu [&hellip;]\" \/>\n<meta property=\"og:url\" content=\"https:\/\/personalparking.es\/fr\/\" \/>\n<meta property=\"og:site_name\" content=\"Parking en el aeropuerto de M\u00e1laga | Personal Parking\" \/>\n<meta property=\"article:modified_time\" content=\"2025-06-10T09:08:36+00:00\" \/>\n<meta property=\"og:image\" content=\"https:\/\/builder.kanalioapp.com\/wp-content\/uploads\/sites\/22\/2024\/07\/1200px-Airplane_silhouette_gray_40.svg.png\" \/>\n<meta name=\"twitter:card\" content=\"summary_large_image\" \/>\n<meta name=\"twitter:label1\" content=\"Dur\u00e9e de lecture estim\u00e9e\" \/>\n\t<meta name=\"twitter:data1\" content=\"5 minutes\" \/>\n<script type=\"application\/ld+json\" class=\"yoast-schema-graph\">{\"@context\":\"https:\/\/schema.org\",\"@graph\":[{\"@type\":\"WebPage\",\"@id\":\"https:\/\/personalparking.es\/\",\"url\":\"https:\/\/personalparking.es\/\",\"name\":\"Inicio - Parking en el aeropuerto de M\u00e1laga | Personal Parking\",\"isPartOf\":{\"@id\":\"https:\/\/personalparking.es\/#website\"},\"primaryImageOfPage\":{\"@id\":\"https:\/\/personalparking.es\/#primaryimage\"},\"image\":{\"@id\":\"https:\/\/personalparking.es\/#primaryimage\"},\"thumbnailUrl\":\"https:\/\/builder.kanalioapp.com\/wp-content\/uploads\/sites\/22\/2024\/07\/1200px-Airplane_silhouette_gray_40.svg.png\",\"datePublished\":\"2024-06-02T20:58:30+00:00\",\"dateModified\":\"2025-06-10T09:08:36+00:00\",\"breadcrumb\":{\"@id\":\"https:\/\/personalparking.es\/#breadcrumb\"},\"inLanguage\":\"fr-FR\",\"potentialAction\":[{\"@type\":\"ReadAction\",\"target\":[\"https:\/\/personalparking.es\/\"]}]},{\"@type\":\"ImageObject\",\"inLanguage\":\"fr-FR\",\"@id\":\"https:\/\/personalparking.es\/#primaryimage\",\"url\":\"https:\/\/builder.kanalioapp.com\/wp-content\/uploads\/sites\/22\/2024\/07\/1200px-Airplane_silhouette_gray_40.svg.png\",\"contentUrl\":\"https:\/\/builder.kanalioapp.com\/wp-content\/uploads\/sites\/22\/2024\/07\/1200px-Airplane_silhouette_gray_40.svg.png\"},{\"@type\":\"BreadcrumbList\",\"@id\":\"https:\/\/personalparking.es\/#breadcrumb\",\"itemListElement\":[{\"@type\":\"ListItem\",\"position\":1,\"name\":\"Home\",\"item\":\"https:\/\/personalparking.es\/\"},{\"@type\":\"ListItem\",\"position\":2,\"name\":\"Inicio\"}]},{\"@type\":\"WebSite\",\"@id\":\"https:\/\/personalparking.es\/#website\",\"url\":\"https:\/\/personalparking.es\/\",\"name\":\"Parking en el aeropuerto de M\u00e1laga | Personal Parking\",\"description\":\"\",\"potentialAction\":[{\"@type\":\"SearchAction\",\"target\":{\"@type\":\"EntryPoint\",\"urlTemplate\":\"https:\/\/personalparking.es\/?s={search_term_string}\"},\"query-input\":\"required name=search_term_string\"}],\"inLanguage\":\"fr-FR\"}]}<\/script>\n<!-- \/ Yoast SEO plugin. -->","yoast_head_json":{"title":"Inicio - Parking en el aeropuerto de M\u00e1laga | Personal Parking","robots":{"index":"index","follow":"follow","max-snippet":"max-snippet:-1","max-image-preview":"max-image-preview:large","max-video-preview":"max-video-preview:-1"},"canonical":"https:\/\/personalparking.es\/fr\/","og_locale":"fr_FR","og_type":"article","og_title":"Inicio - Parking en el aeropuerto de M\u00e1laga | Personal Parking","og_description":"RECOGEMOS Y ENTREGAMOS TU COCHE EN EL AEROPUERTO Aparcamiento cubierto y vigilado las 24h en el aeropuerto de M\u00e1laga Tu [&hellip;]","og_url":"https:\/\/personalparking.es\/fr\/","og_site_name":"Parking en el aeropuerto de M\u00e1laga | Personal Parking","article_modified_time":"2025-06-10T09:08:36+00:00","og_image":[{"url":"https:\/\/builder.kanalioapp.com\/wp-content\/uploads\/sites\/22\/2024\/07\/1200px-Airplane_silhouette_gray_40.svg.png"}],"twitter_card":"summary_large_image","twitter_misc":{"Dur\u00e9e de lecture estim\u00e9e":"5 minutes"},"schema":{"@context":"https:\/\/schema.org","@graph":[{"@type":"WebPage","@id":"https:\/\/personalparking.es\/","url":"https:\/\/personalparking.es\/","name":"Inicio - Parking en el aeropuerto de M\u00e1laga | Personal Parking","isPartOf":{"@id":"https:\/\/personalparking.es\/#website"},"primaryImageOfPage":{"@id":"https:\/\/personalparking.es\/#primaryimage"},"image":{"@id":"https:\/\/personalparking.es\/#primaryimage"},"thumbnailUrl":"https:\/\/builder.kanalioapp.com\/wp-content\/uploads\/sites\/22\/2024\/07\/1200px-Airplane_silhouette_gray_40.svg.png","datePublished":"2024-06-02T20:58:30+00:00","dateModified":"2025-06-10T09:08:36+00:00","breadcrumb":{"@id":"https:\/\/personalparking.es\/#breadcrumb"},"inLanguage":"fr-FR","potentialAction":[{"@type":"ReadAction","target":["https:\/\/personalparking.es\/"]}]},{"@type":"ImageObject","inLanguage":"fr-FR","@id":"https:\/\/personalparking.es\/#primaryimage","url":"https:\/\/builder.kanalioapp.com\/wp-content\/uploads\/sites\/22\/2024\/07\/1200px-Airplane_silhouette_gray_40.svg.png","contentUrl":"https:\/\/builder.kanalioapp.com\/wp-content\/uploads\/sites\/22\/2024\/07\/1200px-Airplane_silhouette_gray_40.svg.png"},{"@type":"BreadcrumbList","@id":"https:\/\/personalparking.es\/#breadcrumb","itemListElement":[{"@type":"ListItem","position":1,"name":"Home","item":"https:\/\/personalparking.es\/"},{"@type":"ListItem","position":2,"name":"Inicio"}]},{"@type":"WebSite","@id":"https:\/\/personalparking.es\/#website","url":"https:\/\/personalparking.es\/","name":"Parking en el aeropuerto de M\u00e1laga | Personal Parking","description":"","potentialAction":[{"@type":"SearchAction","target":{"@type":"EntryPoint","urlTemplate":"https:\/\/personalparking.es\/?s={search_term_string}"},"query-input":"required name=search_term_string"}],"inLanguage":"fr-FR"}]}},"_links":{"self":[{"href":"https:\/\/personalparking.es\/fr\/wp-json\/wp\/v2\/pages\/1631","targetHints":{"allow":["GET"]}}],"collection":[{"href":"https:\/\/personalparking.es\/fr\/wp-json\/wp\/v2\/pages"}],"about":[{"href":"https:\/\/personalparking.es\/fr\/wp-json\/wp\/v2\/types\/page"}],"author":[{"embeddable":true,"href":"https:\/\/personalparking.es\/fr\/wp-json\/wp\/v2\/users\/1"}],"replies":[{"embeddable":true,"href":"https:\/\/personalparking.es\/fr\/wp-json\/wp\/v2\/comments?post=1631"}],"version-history":[{"count":228,"href":"https:\/\/personalparking.es\/fr\/wp-json\/wp\/v2\/pages\/1631\/revisions"}],"predecessor-version":[{"id":2420,"href":"https:\/\/personalparking.es\/fr\/wp-json\/wp\/v2\/pages\/1631\/revisions\/2420"}],"wp:attachment":[{"href":"https:\/\/personalparking.es\/fr\/wp-json\/wp\/v2\/media?parent=1631"}],"curies":[{"name":"wp","href":"https:\/\/api.w.org\/{rel}","templated":true}]}}